{"id":7,"date":"2021-01-04T08:41:44","date_gmt":"2021-01-04T07:41:44","guid":{"rendered":"http:\/\/mioko22.ur.edu.pl\/?page_id=7"},"modified":"2023-03-20T10:42:47","modified_gmt":"2023-03-20T09:42:47","slug":"o-konferencji","status":"publish","type":"page","link":"https:\/\/mioko22.ur.edu.pl\/","title":{"rendered":"O konferencji"},"content":{"rendered":"\t\t<div data-elementor-type=\"wp-page\" data-elementor-id=\"7\" class=\"elementor elementor-7\">\n\t\t\t\t\t\t<section class=\"elementor-section elementor-top-section elementor-element elementor-element-c3e8e88 elementor-section-full_width elementor-section-height-default elementor-section-height-default\" data-id=\"c3e8e88\" data-element_type=\"section\" data-e-type=\"section\">\n\t\t\t\t\t\t<div class=\"elementor-container elementor-column-gap-default\">\n\t\t\t\t\t<div class=\"elementor-column elementor-col-100 elementor-top-column elementor-element elementor-element-63cacb1\" data-id=\"63cacb1\" data-element_type=\"column\" data-e-type=\"column\">\n\t\t\t<div class=\"elementor-widget-wrap elementor-element-populated\">\n\t\t\t\t\t\t<div class=\"elementor-element elementor-element-ab4c8a3 elementor-widget elementor-widget-spacer\" data-id=\"ab4c8a3\" data-element_type=\"widget\" data-e-type=\"widget\" data-widget_type=\"spacer.default\">\n\t\t\t\t<div class=\"elementor-widget-container\">\n\t\t\t\t\t\t\t<div class=\"elementor-spacer\">\n\t\t\t<div class=\"elementor-spacer-inner\"><\/div>\n\t\t<\/div>\n\t\t\t\t\t\t<\/div>\n\t\t\t\t<\/div>\n\t\t\t\t<div class=\"elementor-element elementor-element-4b06da2 elementor-widget elementor-widget-image\" data-id=\"4b06da2\" data-element_type=\"widget\" data-e-type=\"widget\" data-widget_type=\"image.default\">\n\t\t\t\t<div class=\"elementor-widget-container\">\n\t\t\t\t\t\t\t\t\t\t\t\t\t\t\t<img fetchpriority=\"high\" decoding=\"async\" width=\"1292\" height=\"271\" src=\"https:\/\/mioko22.ur.edu.pl\/wp-content\/uploads\/2021\/03\/top_pl.png\" class=\"attachment-full size-full wp-image-2016\" alt=\"\" srcset=\"https:\/\/mioko22.ur.edu.pl\/wp-content\/uploads\/2021\/03\/top_pl.png 1292w, https:\/\/mioko22.ur.edu.pl\/wp-content\/uploads\/2021\/03\/top_pl-300x63.png 300w, https:\/\/mioko22.ur.edu.pl\/wp-content\/uploads\/2021\/03\/top_pl-1024x215.png 1024w, https:\/\/mioko22.ur.edu.pl\/wp-content\/uploads\/2021\/03\/top_pl-768x161.png 768w\" sizes=\"(max-width: 1292px) 100vw, 1292px\" \/>\t\t\t\t\t\t\t\t\t\t\t\t\t\t\t<\/div>\n\t\t\t\t<\/div>\n\t\t\t\t<div class=\"elementor-element elementor-element-bed9937 elementor-align-right elementor-widget elementor-widget-button\" data-id=\"bed9937\" data-element_type=\"widget\" data-e-type=\"widget\" data-widget_type=\"button.default\">\n\t\t\t\t<div class=\"elementor-widget-container\">\n\t\t\t\t\t\t\t\t\t<div class=\"elementor-button-wrapper\">\n\t\t\t\t\t<a class=\"elementor-button elementor-button-link elementor-size-xl\" href=\"http:\/\/mioko22.ur.edu.pl\/?page_id=16\" id=\"rejestrackamioko\">\n\t\t\t\t\t\t<span class=\"elementor-button-content-wrapper\">\n\t\t\t\t\t\t\t\t\t<span class=\"elementor-button-text\">Kontakt<\/span>\n\t\t\t\t\t<\/span>\n\t\t\t\t\t<\/a>\n\t\t\t\t<\/div>\n\t\t\t\t\t\t\t\t<\/div>\n\t\t\t\t<\/div>\n\t\t\t\t\t<\/div>\n\t\t<\/div>\n\t\t\t\t\t<\/div>\n\t\t<\/section>\n\t\t\t\t<section class=\"elementor-section elementor-top-section elementor-element elementor-element-49dd41d8 elementor-section-full_width elementor-section-height-default elementor-section-height-default\" data-id=\"49dd41d8\" data-element_type=\"section\" data-e-type=\"section\">\n\t\t\t\t\t\t<div class=\"elementor-container elementor-column-gap-default\">\n\t\t\t\t\t<div class=\"elementor-column elementor-col-100 elementor-top-column elementor-element elementor-element-168eada4\" data-id=\"168eada4\" data-element_type=\"column\" data-e-type=\"column\">\n\t\t\t<div class=\"elementor-widget-wrap elementor-element-populated\">\n\t\t\t\t\t\t<div class=\"elementor-element elementor-element-6ffc0 elementor-widget elementor-widget-spacer\" data-id=\"6ffc0\" data-element_type=\"widget\" data-e-type=\"widget\" data-widget_type=\"spacer.default\">\n\t\t\t\t<div class=\"elementor-widget-container\">\n\t\t\t\t\t\t\t<div class=\"elementor-spacer\">\n\t\t\t<div class=\"elementor-spacer-inner\"><\/div>\n\t\t<\/div>\n\t\t\t\t\t\t<\/div>\n\t\t\t\t<\/div>\n\t\t\t\t<div class=\"elementor-element elementor-element-ebaebf0 elementor-widget elementor-widget-image\" data-id=\"ebaebf0\" data-element_type=\"widget\" data-e-type=\"widget\" data-widget_type=\"image.default\">\n\t\t\t\t<div class=\"elementor-widget-container\">\n\t\t\t\t\t\t\t\t\t\t\t\t\t\t\t<img decoding=\"async\" width=\"1258\" height=\"224\" src=\"https:\/\/mioko22.ur.edu.pl\/wp-content\/uploads\/2021\/01\/slider1.png\" class=\"attachment-full size-full wp-image-468\" alt=\"\" srcset=\"https:\/\/mioko22.ur.edu.pl\/wp-content\/uploads\/2021\/01\/slider1.png 1258w, https:\/\/mioko22.ur.edu.pl\/wp-content\/uploads\/2021\/01\/slider1-300x53.png 300w, https:\/\/mioko22.ur.edu.pl\/wp-content\/uploads\/2021\/01\/slider1-1024x182.png 1024w, https:\/\/mioko22.ur.edu.pl\/wp-content\/uploads\/2021\/01\/slider1-768x137.png 768w\" sizes=\"(max-width: 1258px) 100vw, 1258px\" \/>\t\t\t\t\t\t\t\t\t\t\t\t\t\t\t<\/div>\n\t\t\t\t<\/div>\n\t\t\t\t<div class=\"elementor-element elementor-element-55537f56 elementor-widget elementor-widget-spacer\" data-id=\"55537f56\" data-element_type=\"widget\" data-e-type=\"widget\" data-widget_type=\"spacer.default\">\n\t\t\t\t<div class=\"elementor-widget-container\">\n\t\t\t\t\t\t\t<div class=\"elementor-spacer\">\n\t\t\t<div class=\"elementor-spacer-inner\"><\/div>\n\t\t<\/div>\n\t\t\t\t\t\t<\/div>\n\t\t\t\t<\/div>\n\t\t\t\t\t<\/div>\n\t\t<\/div>\n\t\t\t\t\t<\/div>\n\t\t<\/section>\n\t\t\t\t<section class=\"elementor-section elementor-top-section elementor-element elementor-element-bac0357 elementor-section-full_width elementor-section-height-default elementor-section-height-default\" data-id=\"bac0357\" data-element_type=\"section\" data-e-type=\"section\" data-settings=\"{&quot;background_background&quot;:&quot;classic&quot;}\">\n\t\t\t\t\t\t<div class=\"elementor-container elementor-column-gap-default\">\n\t\t\t\t\t<div class=\"elementor-column elementor-col-33 elementor-top-column elementor-element elementor-element-9af4270\" data-id=\"9af4270\" data-element_type=\"column\" data-e-type=\"column\">\n\t\t\t<div class=\"elementor-widget-wrap elementor-element-populated\">\n\t\t\t\t\t\t<div class=\"elementor-element elementor-element-a1f8795 elementor-widget elementor-widget-heading\" data-id=\"a1f8795\" data-element_type=\"widget\" data-e-type=\"widget\" data-widget_type=\"heading.default\">\n\t\t\t\t<div class=\"elementor-widget-container\">\n\t\t\t\t\t<h1 class=\"elementor-heading-title elementor-size-default\">O konferencji<\/h1>\t\t\t\t<\/div>\n\t\t\t\t<\/div>\n\t\t\t\t<div class=\"elementor-element elementor-element-b47756f elementor-widget elementor-widget-image\" data-id=\"b47756f\" data-element_type=\"widget\" data-e-type=\"widget\" data-widget_type=\"image.default\">\n\t\t\t\t<div class=\"elementor-widget-container\">\n\t\t\t\t\t\t\t\t\t\t\t\t\t\t\t<img decoding=\"async\" width=\"320\" height=\"5\" src=\"https:\/\/mioko22.ur.edu.pl\/wp-content\/uploads\/2021\/01\/pasek-titel-1.png\" class=\"attachment-full size-full wp-image-524\" alt=\"\" srcset=\"https:\/\/mioko22.ur.edu.pl\/wp-content\/uploads\/2021\/01\/pasek-titel-1.png 320w, https:\/\/mioko22.ur.edu.pl\/wp-content\/uploads\/2021\/01\/pasek-titel-1-300x5.png 300w\" sizes=\"(max-width: 320px) 100vw, 320px\" \/>\t\t\t\t\t\t\t\t\t\t\t\t\t\t\t<\/div>\n\t\t\t\t<\/div>\n\t\t\t\t<div class=\"elementor-element elementor-element-76c65e8 elementor-widget elementor-widget-text-editor\" data-id=\"76c65e8\" data-element_type=\"widget\" data-e-type=\"widget\" data-widget_type=\"text-editor.default\">\n\t\t\t\t<div class=\"elementor-widget-container\">\n\t\t\t\t\t\t\t\t\t<h3>Szanowni Pa\u0144stwo,<\/h3><p>zbli\u017ca si\u0119 termin <strong>XXII Mi\u0119dzynarodowej i Og\u00f3lnopolskiej Konferencji Onomastycznej<\/strong>, kt\u00f3ra odb\u0119dzie si\u0119 w dniach <strong>14-16 pa\u017adziernika 2021 roku w\u00a0 Rzeszowie<\/strong>, a jej wsp\u00f3\u0142organizatorem i gospodarzem jest tym razem <strong>Uniwersytet Rzeszowski<\/strong>.<\/p><p>Cykliczna Mi\u0119dzynarodowa i Og\u00f3lnopolska Konferencja Onomastyczna jest zawsze platform\u0105 wymiany do\u015bwiadcze\u0144 onomast\u00f3w z Polski i zagranicy (ze S\u0142owacji, S\u0142owenii, z Czech, Niemiec, Rosji, Ukrainy, Bia\u0142orusi, Bu\u0142garii, W\u0142och, Litwy, Macedonii, Chorwacji, Serbii, W\u0119gier). Kolejne spotkania wpisuj\u0105 si\u0119 w nurt najbardziej aktualnych zagadnie\u0144 j\u0119zykowych dotycz\u0105cych zar\u00f3wno aspekt\u00f3w teoretycznych, jak i bada\u0144 materia\u0142owych.<em> <br \/><\/em><\/p>\t\t\t\t\t\t\t\t<\/div>\n\t\t\t\t<\/div>\n\t\t\t\t\t<\/div>\n\t\t<\/div>\n\t\t\t\t<div class=\"elementor-column elementor-col-33 elementor-top-column elementor-element elementor-element-9e5773f\" data-id=\"9e5773f\" data-element_type=\"column\" data-e-type=\"column\">\n\t\t\t<div class=\"elementor-widget-wrap\">\n\t\t\t\t\t\t\t<\/div>\n\t\t<\/div>\n\t\t\t\t<div class=\"elementor-column elementor-col-33 elementor-top-column elementor-element elementor-element-15b3dc1\" data-id=\"15b3dc1\" data-element_type=\"column\" data-e-type=\"column\">\n\t\t\t<div class=\"elementor-widget-wrap elementor-element-populated\">\n\t\t\t\t\t\t<div class=\"elementor-element elementor-element-8af6a3d elementor-widget elementor-widget-spacer\" data-id=\"8af6a3d\" data-element_type=\"widget\" data-e-type=\"widget\" data-widget_type=\"spacer.default\">\n\t\t\t\t<div class=\"elementor-widget-container\">\n\t\t\t\t\t\t\t<div class=\"elementor-spacer\">\n\t\t\t<div class=\"elementor-spacer-inner\"><\/div>\n\t\t<\/div>\n\t\t\t\t\t\t<\/div>\n\t\t\t\t<\/div>\n\t\t\t\t<div class=\"elementor-element elementor-element-5e3752e elementor-widget elementor-widget-text-editor\" data-id=\"5e3752e\" data-element_type=\"widget\" data-e-type=\"widget\" data-widget_type=\"text-editor.default\">\n\t\t\t\t<div class=\"elementor-widget-container\">\n\t\t\t\t\t\t\t\t\t<p>Tematem najbli\u017cszej konferencji uczynili\u015bmy <strong>Nazwy w\u0142asne w przestrzeni wielokulturowej<\/strong>. Chcieliby\u015bmy zaprosi\u0107 Pa\u0144stwa do refleksji nad wielokulturowo\u015bc\u0105 w analizach r\u00f3\u017cnych kategorii propri\u00f3w, zar\u00f3wno w uj\u0119ciu metodologicznym, jak i w pragmalingwistycznym. Proponujemy skoncentrowanie si\u0119 wok\u00f3\u0142 nast\u0119puj\u0105cych problem\u00f3w badawczych:<\/p><ul><li style=\"text-align: left;\">metody onomastycznych bada\u0144 interkulturowych,<\/li><li>nazwy na pograniczach kulturowych, etnicznych, j\u0119zykowych, religijnych, geograficznych itp. &#8211; w aspekcie teoretycznym i komunikacyjnoj\u0119zykowym,<\/li><li>pokoleniowe zr\u00f3\u017cnicowanie nazewnictwa,<\/li><li>mody nazewnicze w aspekcie synchronicznym i diachronicznym,<\/li><li>nazwy okre\u015blonych desygnat\u00f3w w r\u00f3\u017cnych kulturach,<\/li><li>sw\u00f3j\/obcy a nazwy w\u0142asne,<\/li><li>oficjalny\/nieoficjalny a nazwy w\u0142asne,<\/li><li>perspektywa endo- i egzogeniczna w onimii (np. stereotypy a autostereotypy; nazwy jako \u017ar\u00f3d\u0142o dowcip\u00f3w i gier j\u0119zykowych),<\/li><li>procesy onimizacyjne i transonimizacyjne na pograniczach,<\/li><li>pogranicza apelatyw\u00f3w i propri\u00f3w (apelatywizacja, deonimizacja, wt\u00f3rne u\u017cycia nazw w\u0142asnych),<\/li><li>nazwy &#8222;bez granic&#8221; (internacjonalizmy, uniwersalizmy onimiczne).<\/li><\/ul><p>Do udzia\u0142u w konferencji zapraszamy nie tylko j\u0119zykoznawc\u00f3w, ale tak\u017ce przedstawicieli innych dyscyplin, podejmuj\u0105cych refleksj\u0119 naukow\u0105 na temat nazw w\u0142asnych. J\u0119zyki XXII MiOKO to &#8211; poza s\u0142owia\u0144skimi &#8211; tak\u017ce j\u0119zyk angielski, niemiecki i j\u0119zyki roma\u0144skie.<\/p><p><strong>Zapraszamy serdecznie Go\u015bci z kraju i zagranicy.<\/strong> Jeste\u015bmy przekonani, \u017ce konferencja stanie si\u0119 wa\u017cnym wydarzeniem naukowym i b\u0119dzie okazj\u0105 do prezentacji osi\u0105gni\u0119\u0107 naukowc\u00f3w zajmuj\u0105cych si\u0119 problematyk\u0105 nazw w\u0142asnych, a tak\u017ce okazj\u0105 do dyskusji oraz\u00a0 wymiany do\u015bwiadcze\u0144 pomi\u0119dzy badaczami z r\u00f3\u017cnych kraj\u00f3w.<\/p><p style=\"text-align: right;\">\u00a0\u00a0\u00a0\u00a0\u00a0\u00a0\u00a0\u00a0\u00a0\u00a0\u00a0\u00a0\u00a0\u00a0\u00a0\u00a0\u00a0\u00a0\u00a0\u00a0\u00a0\u00a0\u00a0\u00a0\u00a0\u00a0\u00a0\u00a0\u00a0\u00a0\u00a0\u00a0\u00a0\u00a0\u00a0\u00a0\u00a0\u00a0\u00a0\u00a0\u00a0\u00a0\u00a0\u00a0\u00a0\u00a0\u00a0\u00a0\u00a0\u00a0\u00a0\u00a0\u00a0\u00a0\u00a0\u00a0\u00a0\u00a0\u00a0\u00a0\u00a0\u00a0\u00a0\u00a0\u00a0\u00a0\u00a0\u00a0\u00a0\u00a0\u00a0\u00a0\u00a0\u00a0\u00a0\u00a0\u00a0\u00a0\u00a0\u00a0\u00a0\u00a0 <em>Organizatorzy<\/em><\/p><p>\u00a0<\/p>\t\t\t\t\t\t\t\t<\/div>\n\t\t\t\t<\/div>\n\t\t\t\t\t<\/div>\n\t\t<\/div>\n\t\t\t\t\t<\/div>\n\t\t<\/section>\n\t\t\t\t<\/div>\n\t\t","protected":false},"excerpt":{"rendered":"<p>Kontakt O konferencji Szanowni Pa\u0144stwo, zbli\u017ca si\u0119 termin XXII Mi\u0119dzynarodowej i Og\u00f3lnopolskiej Konferencji Onomastycznej, kt\u00f3ra odb\u0119dzie si\u0119 w dniach 14-16 pa\u017adziernika 2021 roku w\u00a0 Rzeszowie, a jej wsp\u00f3\u0142organizatorem i gospodarzem jest tym razem Uniwersytet Rzeszowski. Cykliczna Mi\u0119dzynarodowa i Og\u00f3lnopolska Konferencja Onomastyczna jest zawsze platform\u0105 wymiany do\u015bwiadcze\u0144 onomast\u00f3w z Polski i zagranicy (ze S\u0142owacji, S\u0142owenii, z&#8230;<\/p>\n","protected":false},"author":1,"featured_media":0,"parent":0,"menu_order":0,"comment_status":"closed","ping_status":"closed","template":"","meta":{"_kadence_starter_templates_imported_post":false,"_kad_post_transparent":"","_kad_post_title":"","_kad_post_layout":"","_kad_post_sidebar_id":"","_kad_post_content_style":"","_kad_post_vertical_padding":"","_kad_post_feature":"","_kad_post_feature_position":"","_kad_post_header":false,"_kad_post_footer":false,"_kad_post_classname":"","footnotes":""},"class_list":["post-7","page","type-page","status-publish","hentry"],"_links":{"self":[{"href":"https:\/\/mioko22.ur.edu.pl\/index.php?rest_route=\/wp\/v2\/pages\/7","targetHints":{"allow":["GET"]}}],"collection":[{"href":"https:\/\/mioko22.ur.edu.pl\/index.php?rest_route=\/wp\/v2\/pages"}],"about":[{"href":"https:\/\/mioko22.ur.edu.pl\/index.php?rest_route=\/wp\/v2\/types\/page"}],"author":[{"embeddable":true,"href":"https:\/\/mioko22.ur.edu.pl\/index.php?rest_route=\/wp\/v2\/users\/1"}],"replies":[{"embeddable":true,"href":"https:\/\/mioko22.ur.edu.pl\/index.php?rest_route=%2Fwp%2Fv2%2Fcomments&post=7"}],"version-history":[{"count":296,"href":"https:\/\/mioko22.ur.edu.pl\/index.php?rest_route=\/wp\/v2\/pages\/7\/revisions"}],"predecessor-version":[{"id":2794,"href":"https:\/\/mioko22.ur.edu.pl\/index.php?rest_route=\/wp\/v2\/pages\/7\/revisions\/2794"}],"wp:attachment":[{"href":"https:\/\/mioko22.ur.edu.pl\/index.php?rest_route=%2Fwp%2Fv2%2Fmedia&parent=7"}],"curies":[{"name":"wp","href":"https:\/\/api.w.org\/{rel}","templated":true}]}}